{"id":6126,"date":"2025-10-20T14:27:40","date_gmt":"2025-10-20T14:27:40","guid":{"rendered":"https:\/\/www.textifab.com\/?page_id=6126"},"modified":"2025-11-21T15:04:42","modified_gmt":"2025-11-21T15:04:42","slug":"veste-softshell-personnalisable","status":"publish","type":"page","link":"https:\/\/www.textifab.com\/fr\/veste-softshell-personnalisable\/","title":{"rendered":"veste softshell personnalisable"},"content":{"rendered":"\t\t<div data-elementor-type=\"wp-page\" data-elementor-id=\"6126\" class=\"elementor elementor-6126\" data-elementor-post-type=\"page\">\n\t\t\t\t\t\t<section class=\"elementor-section elementor-top-section elementor-element elementor-element-74a5321 elementor-section-content-middle elementor-section-boxed elementor-section-height-default elementor-section-height-default\" data-id=\"74a5321\" data-element_type=\"section\" data-settings=\"{&quot;background_background&quot;:&quot;classic&quot;}\">\n\t\t\t\t\t\t\t<div class=\"elementor-background-overlay\"><\/div>\n\t\t\t\t\t\t\t<div class=\"elementor-container elementor-column-gap-default\">\n\t\t\t\t\t<div class=\"elementor-column elementor-col-50 elementor-top-column elementor-element elementor-element-481a949 elementor-invisible\" data-id=\"481a949\" data-element_type=\"column\" data-settings=\"{&quot;animation&quot;:&quot;fadeInLeft&quot;}\">\n\t\t\t<div class=\"elementor-widget-wrap elementor-element-populated\">\n\t\t\t\t\t\t<div class=\"elementor-element elementor-element-9af0034 elementor-widget elementor-widget-image\" data-id=\"9af0034\" data-element_type=\"widget\" data-widget_type=\"image.default\">\n\t\t\t\t<div class=\"elementor-widget-container\">\n\t\t\t\t\t\t\t\t\t\t\t\t\t<img fetchpriority=\"high\" decoding=\"async\" width=\"1024\" height=\"683\" src=\"https:\/\/www.textifab.com\/wp-content\/uploads\/2025\/09\/vestes-softshell-personnalisees-textifab-1-1024x683.jpg\" class=\"attachment-large size-large wp-image-6070\" alt=\"\" srcset=\"https:\/\/www.textifab.com\/wp-content\/uploads\/2025\/09\/vestes-softshell-personnalisees-textifab-1-1024x683.jpg 1024w, https:\/\/www.textifab.com\/wp-content\/uploads\/2025\/09\/vestes-softshell-personnalisees-textifab-1-300x200.jpg 300w, https:\/\/www.textifab.com\/wp-content\/uploads\/2025\/09\/vestes-softshell-personnalisees-textifab-1-768x512.jpg 768w, https:\/\/www.textifab.com\/wp-content\/uploads\/2025\/09\/vestes-softshell-personnalisees-textifab-1-1536x1024.jpg 1536w, https:\/\/www.textifab.com\/wp-content\/uploads\/2025\/09\/vestes-softshell-personnalisees-textifab-1.jpg 1620w\" sizes=\"(max-width: 1024px) 100vw, 1024px\" \/>\t\t\t\t\t\t\t\t\t\t\t\t\t<\/div>\n\t\t\t\t<\/div>\n\t\t\t\t\t<\/div>\n\t\t<\/div>\n\t\t\t\t<div class=\"elementor-column elementor-col-50 elementor-top-column elementor-element elementor-element-5771c30\" data-id=\"5771c30\" data-element_type=\"column\">\n\t\t\t<div class=\"elementor-widget-wrap elementor-element-populated\">\n\t\t\t\t\t\t<div class=\"elementor-element elementor-element-e65cbc5 elementor-invisible elementor-widget elementor-widget-heading\" data-id=\"e65cbc5\" data-element_type=\"widget\" data-settings=\"{&quot;_animation&quot;:&quot;fadeInRight&quot;}\" data-widget_type=\"heading.default\">\n\t\t\t\t<div class=\"elementor-widget-container\">\n\t\t\t<h1 class=\"elementor-heading-title elementor-size-default\"><span class=\"blue\">Vestes softshell<\/span><br>personnalisables<\/h1>\t\t<\/div>\n\t\t\t\t<\/div>\n\t\t\t\t<div class=\"elementor-element elementor-element-9c97a59 elementor-widget elementor-widget-text-editor\" data-id=\"9c97a59\" data-element_type=\"widget\" data-widget_type=\"text-editor.default\">\n\t\t\t\t<div class=\"elementor-widget-container\">\n\t\t\t\t\t\t\t<p><span style=\"font-weight: 400;\">La<strong> veste softshell personnalisable<\/strong> est devenue un incontournable pour toutes les entreprises qui souhaitent \u00e9quiper leurs employ\u00e9s de v\u00eatements techniques, esth\u00e9tiques et porteurs de leur identit\u00e9 visuelle. <strong>Souple, coupe-vent, respirante et r\u00e9sistante aux intemp\u00e9ries<\/strong>, la veste softshell se d\u00e9cline en une multitude de mod\u00e8les, de <strong>couleurs<\/strong> et de <strong>finitions<\/strong> pour r\u00e9pondre \u00e0 tous les besoins : tenue de travail, \u00e9v\u00e9nement corporate, boutique en ligne ou encore cadeau promotionnel haut de gamme.<\/span><span style=\"font-weight: 400;\"><br \/><\/span><span style=\"font-weight: 400;\"><br \/><\/span><span style=\"font-weight: 400;\">Chez Textifab, nous concevons des vestes softshell sur mesure mais aussi des <strong>bodywarmers<\/strong> <strong>softshell<\/strong> (vestes sans manche) qui reprennent les m\u00eames avantages tout en offrant une libert\u00e9 de mouvement optimale.<\/span><\/p>\t\t\t\t\t\t<\/div>\n\t\t\t\t<\/div>\n\t\t\t\t\t<\/div>\n\t\t<\/div>\n\t\t\t\t\t<\/div>\n\t\t<\/section>\n\t\t\t\t<section class=\"elementor-section elementor-top-section elementor-element elementor-element-4ddb14c elementor-section-boxed elementor-section-height-default elementor-section-height-default\" data-id=\"4ddb14c\" data-element_type=\"section\">\n\t\t\t\t\t\t<div class=\"elementor-container elementor-column-gap-default\">\n\t\t\t\t\t<div class=\"elementor-column elementor-col-100 elementor-top-column elementor-element elementor-element-792d8a9\" data-id=\"792d8a9\" data-element_type=\"column\">\n\t\t\t<div class=\"elementor-widget-wrap elementor-element-populated\">\n\t\t\t\t\t\t<div class=\"elementor-element elementor-element-296b443 elementor-widget elementor-widget-heading\" data-id=\"296b443\" data-element_type=\"widget\" data-settings=\"{&quot;_animation_laptop&quot;:&quot;fadeInUp&quot;}\" data-widget_type=\"heading.default\">\n\t\t\t\t<div class=\"elementor-widget-container\">\n\t\t\t<h2 class=\"elementor-heading-title elementor-size-default\">Pourquoi choisir une veste softshell personnalis\u00e9e ?<\/h2>\t\t<\/div>\n\t\t\t\t<\/div>\n\t\t\t\t<div class=\"elementor-element elementor-element-fdaf115 elementor-widget-divider--view-line elementor-widget elementor-widget-divider\" data-id=\"fdaf115\" data-element_type=\"widget\" data-settings=\"{&quot;_animation_laptop&quot;:&quot;fadeInUp&quot;}\" data-widget_type=\"divider.default\">\n\t\t\t\t<div class=\"elementor-widget-container\">\n\t\t\t\t\t<div class=\"elementor-divider\">\n\t\t\t<span class=\"elementor-divider-separator\">\n\t\t\t\t\t\t<\/span>\n\t\t<\/div>\n\t\t\t\t<\/div>\n\t\t\t\t<\/div>\n\t\t\t\t\t<\/div>\n\t\t<\/div>\n\t\t\t\t\t<\/div>\n\t\t<\/section>\n\t\t\t\t<section class=\"elementor-section elementor-top-section elementor-element elementor-element-01ab628 elementor-section-boxed elementor-section-height-default elementor-section-height-default\" data-id=\"01ab628\" data-element_type=\"section\">\n\t\t\t\t\t\t<div class=\"elementor-container elementor-column-gap-default\">\n\t\t\t\t\t<div class=\"elementor-column elementor-col-100 elementor-top-column elementor-element elementor-element-13e9344\" data-id=\"13e9344\" data-element_type=\"column\">\n\t\t\t<div class=\"elementor-widget-wrap elementor-element-populated\">\n\t\t\t\t\t\t<section class=\"elementor-section elementor-inner-section elementor-element elementor-element-0491e5a elementor-section-boxed elementor-section-height-default elementor-section-height-default\" data-id=\"0491e5a\" data-element_type=\"section\">\n\t\t\t\t\t\t<div class=\"elementor-container elementor-column-gap-default\">\n\t\t\t\t\t<div class=\"elementor-column elementor-col-100 elementor-inner-column elementor-element elementor-element-909a00d\" data-id=\"909a00d\" data-element_type=\"column\" data-settings=\"{&quot;animation_laptop&quot;:&quot;fadeInLeft&quot;}\">\n\t\t\t<div class=\"elementor-widget-wrap elementor-element-populated\">\n\t\t\t\t\t\t<div class=\"elementor-element elementor-element-67f429e elementor-widget elementor-widget-text-editor\" data-id=\"67f429e\" data-element_type=\"widget\" data-widget_type=\"text-editor.default\">\n\t\t\t\t<div class=\"elementor-widget-container\">\n\t\t\t\t\t\t\t<p><span style=\"font-weight: 400;\">La veste softshell personnalis\u00e9e combine <strong>technicit\u00e9 et image<\/strong>. Contrairement aux vestes classiques, elle est con\u00e7ue avec <strong>plusieurs couches de tissus<\/strong> (g\u00e9n\u00e9ralement trois) qui assurent une protection efficace contre le vent et une r\u00e9sistance \u00e0 l\u2019eau tout en restant respirante.<\/span><span style=\"font-weight: 400;\"><br \/><\/span><span style=\"font-weight: 400;\"> Elle convient ainsi aussi bien :<\/span><\/p><ul><li style=\"font-weight: 400;\" aria-level=\"1\"><span style=\"font-weight: 400;\">Aux \u00e9quipes en ext\u00e9rieur : chauffeurs-livreurs, artisans, techniciens, \u00e9quipes de chantier.<\/span><\/li><li style=\"font-weight: 400;\" aria-level=\"1\"><span style=\"font-weight: 400;\">Aux \u00e9v\u00e9nements : salons, op\u00e9rations promotionnelles, team building.<\/span><\/li><li style=\"font-weight: 400;\" aria-level=\"1\"><span style=\"font-weight: 400;\">Aux marques : boutiques en ligne, clubs sportifs, associations.<\/span><\/li><\/ul><p><span style=\"font-weight: 400;\">En y ajoutant votre logo, vos couleurs ou des \u00e9l\u00e9ments distinctifs (bandes r\u00e9fl\u00e9chissantes, broderies, patchs), vous transformez un v\u00eatement technique en v\u00e9ritable support de communication.<\/span><\/p>\t\t\t\t\t\t<\/div>\n\t\t\t\t<\/div>\n\t\t\t\t<div class=\"elementor-element elementor-element-69b53f3 link-a elementor-widget elementor-widget-button\" data-id=\"69b53f3\" data-element_type=\"widget\" data-widget_type=\"button.default\">\n\t\t\t\t<div class=\"elementor-widget-container\">\n\t\t\t\t\t\t\t<div class=\"elementor-button-wrapper\">\n\t\t\t\t\t<a class=\"elementor-button elementor-button-link elementor-size-md\" href=\"https:\/\/www.textifab.com\/fr\/contact-us\/\">\n\t\t\t\t\t\t<span class=\"elementor-button-content-wrapper\">\n\t\t\t\t\t\t<span class=\"elementor-button-icon\">\n\t\t\t\t<svg xmlns=\"http:\/\/www.w3.org\/2000\/svg\" width=\"24.869\" height=\"24.869\" viewBox=\"0 0 24.869 24.869\"><path id=\"ee8974e7d11354757fab2cfceac25bf3\" d=\"M28.432,16A12.435,12.435,0,1,1,16,28.437,12.435,12.435,0,0,1,28.432,16Zm-6.1,12.953h10.9l-3.672,3.5a.518.518,0,0,0,.715.75l4.609-4.392.009-.009.017-.018a.515.515,0,0,0,.12-.224c0-.015.007-.03.009-.045a.5.5,0,0,0,0-.158.408.408,0,0,0-.009-.045.515.515,0,0,0-.12-.224l-.017-.018-.009-.009L30.277,23.67a.518.518,0,1,0-.715.75l3.672,3.5h-10.9a.518.518,0,1,0,0,1.036Z\" transform=\"translate(-15.997 -16.002)\" fill=\"#ef5a38\"><\/path><\/svg>\t\t\t<\/span>\n\t\t\t\t\t\t\t\t\t<span class=\"elementor-button-text\">Travaillons ensemble!<\/span>\n\t\t\t\t\t<\/span>\n\t\t\t\t\t<\/a>\n\t\t\t\t<\/div>\n\t\t\t\t\t\t<\/div>\n\t\t\t\t<\/div>\n\t\t\t\t\t<\/div>\n\t\t<\/div>\n\t\t\t\t\t<\/div>\n\t\t<\/section>\n\t\t\t\t\t<\/div>\n\t\t<\/div>\n\t\t\t\t\t<\/div>\n\t\t<\/section>\n\t\t\t\t<section class=\"elementor-section elementor-top-section elementor-element elementor-element-2a6559c elementor-section-boxed elementor-section-height-default elementor-section-height-default\" data-id=\"2a6559c\" data-element_type=\"section\" id=\"tote_bage\" data-settings=\"{&quot;background_background&quot;:&quot;classic&quot;}\">\n\t\t\t\t\t\t\t<div class=\"elementor-background-overlay\"><\/div>\n\t\t\t\t\t\t\t<div class=\"elementor-container elementor-column-gap-default\">\n\t\t\t\t\t<div class=\"elementor-column elementor-col-100 elementor-top-column elementor-element elementor-element-ae0d24a\" data-id=\"ae0d24a\" data-element_type=\"column\">\n\t\t\t<div class=\"elementor-widget-wrap elementor-element-populated\">\n\t\t\t\t\t\t<div class=\"elementor-element elementor-element-9a73ea3 elementor-widget elementor-widget-heading\" data-id=\"9a73ea3\" data-element_type=\"widget\" data-settings=\"{&quot;_animation_laptop&quot;:&quot;fadeInUp&quot;}\" data-widget_type=\"heading.default\">\n\t\t\t\t<div class=\"elementor-widget-container\">\n\t\t\t<h2 class=\"elementor-heading-title elementor-size-default\">Des possibilit\u00e9s de personnalisation infinies<\/h2>\t\t<\/div>\n\t\t\t\t<\/div>\n\t\t\t\t<div class=\"elementor-element elementor-element-2ade1e3 elementor-widget-divider--view-line elementor-widget elementor-widget-divider\" data-id=\"2ade1e3\" data-element_type=\"widget\" data-settings=\"{&quot;_animation_laptop&quot;:&quot;fadeInUp&quot;}\" data-widget_type=\"divider.default\">\n\t\t\t\t<div class=\"elementor-widget-container\">\n\t\t\t\t\t<div class=\"elementor-divider\">\n\t\t\t<span class=\"elementor-divider-separator\">\n\t\t\t\t\t\t<\/span>\n\t\t<\/div>\n\t\t\t\t<\/div>\n\t\t\t\t<\/div>\n\t\t\t\t<section class=\"elementor-section elementor-inner-section elementor-element elementor-element-207d272 elementor-section-boxed elementor-section-height-default elementor-section-height-default\" data-id=\"207d272\" data-element_type=\"section\" data-settings=\"{&quot;animation_laptop&quot;:&quot;fadeInUp&quot;}\">\n\t\t\t\t\t\t<div class=\"elementor-container elementor-column-gap-default\">\n\t\t\t\t\t<div class=\"elementor-column elementor-col-100 elementor-inner-column elementor-element elementor-element-6c7344b\" data-id=\"6c7344b\" data-element_type=\"column\">\n\t\t\t<div class=\"elementor-widget-wrap elementor-element-populated\">\n\t\t\t\t\t\t<div class=\"elementor-element elementor-element-6cce702 elementor-widget elementor-widget-text-editor\" data-id=\"6cce702\" data-element_type=\"widget\" data-widget_type=\"text-editor.default\">\n\t\t\t\t<div class=\"elementor-widget-container\">\n\t\t\t\t\t\t\t<p><span style=\"font-weight: 400;\">Nous savons que chaque projet est unique. C\u2019est pour cela que nos vestes softshell \u00e0 personnaliser s\u2019adaptent \u00e0 tous vos besoins sp\u00e9cifiques :<\/span><\/p><ul><li style=\"font-weight: 400;\" aria-level=\"1\"><b>Choix des mat\u00e9riaux<\/b><span style=\"font-weight: 400;\"> : tissus 2 ou 3 couches, mati\u00e8res recycl\u00e9es (RPET), doublures sp\u00e9cifiques.<\/span><\/li><li style=\"font-weight: 400;\" aria-level=\"1\"><b>Coloris sur mesure<\/b><span style=\"font-weight: 400;\"> : respect de votre charte graphique ou cr\u00e9ation d\u2019un coloris Pantone exclusif.<\/span><\/li><li style=\"font-weight: 400;\" aria-level=\"1\"><b>Finitions techniques<\/b><span style=\"font-weight: 400;\"> : bandes r\u00e9fl\u00e9chissantes certifi\u00e9es, zips \u00e9tanches, capuche amovible, poches multiples.<\/span><\/li><li style=\"font-weight: 400;\" aria-level=\"1\"><b>Marquage<\/b><span style=\"font-weight: 400;\"> : broderie haut de gamme, s\u00e9rigraphie, impression num\u00e9rique.<\/span><span style=\"font-weight: 400;\"><br \/><\/span><\/li><\/ul><p><span style=\"font-weight: 400;\">La <\/span><b>quantit\u00e9 minimale de commande (MOQ)<\/b><span style=\"font-weight: 400;\"> pour nos vestes softshell personnalis\u00e9es est de <\/span><b>300 pi\u00e8ces<\/b><span style=\"font-weight: 400;\">, afin de garantir une production de qualit\u00e9 et des conditions optimales de personnalisation.<\/span><\/p>\t\t\t\t\t\t<\/div>\n\t\t\t\t<\/div>\n\t\t\t\t<div class=\"elementor-element elementor-element-796dbcf link-a elementor-widget elementor-widget-button\" data-id=\"796dbcf\" data-element_type=\"widget\" data-widget_type=\"button.default\">\n\t\t\t\t<div class=\"elementor-widget-container\">\n\t\t\t\t\t\t\t<div class=\"elementor-button-wrapper\">\n\t\t\t\t\t<a class=\"elementor-button elementor-button-link elementor-size-md\" href=\"https:\/\/www.textifab.com\/fr\/contact-us\/\">\n\t\t\t\t\t\t<span class=\"elementor-button-content-wrapper\">\n\t\t\t\t\t\t<span class=\"elementor-button-icon\">\n\t\t\t\t<svg xmlns=\"http:\/\/www.w3.org\/2000\/svg\" width=\"24.869\" height=\"24.869\" viewBox=\"0 0 24.869 24.869\"><path id=\"ee8974e7d11354757fab2cfceac25bf3\" d=\"M28.432,16A12.435,12.435,0,1,1,16,28.437,12.435,12.435,0,0,1,28.432,16Zm-6.1,12.953h10.9l-3.672,3.5a.518.518,0,0,0,.715.75l4.609-4.392.009-.009.017-.018a.515.515,0,0,0,.12-.224c0-.015.007-.03.009-.045a.5.5,0,0,0,0-.158.408.408,0,0,0-.009-.045.515.515,0,0,0-.12-.224l-.017-.018-.009-.009L30.277,23.67a.518.518,0,1,0-.715.75l3.672,3.5h-10.9a.518.518,0,1,0,0,1.036Z\" transform=\"translate(-15.997 -16.002)\" fill=\"#ef5a38\"><\/path><\/svg>\t\t\t<\/span>\n\t\t\t\t\t\t\t\t\t<span class=\"elementor-button-text\">Travaillons ensemble!<\/span>\n\t\t\t\t\t<\/span>\n\t\t\t\t\t<\/a>\n\t\t\t\t<\/div>\n\t\t\t\t\t\t<\/div>\n\t\t\t\t<\/div>\n\t\t\t\t\t<\/div>\n\t\t<\/div>\n\t\t\t\t\t<\/div>\n\t\t<\/section>\n\t\t\t\t\t<\/div>\n\t\t<\/div>\n\t\t\t\t\t<\/div>\n\t\t<\/section>\n\t\t\t\t<section class=\"elementor-section elementor-top-section elementor-element elementor-element-8539531 elementor-section-boxed elementor-section-height-default elementor-section-height-default\" data-id=\"8539531\" data-element_type=\"section\">\n\t\t\t\t\t\t<div class=\"elementor-container elementor-column-gap-default\">\n\t\t\t\t\t<div class=\"elementor-column elementor-col-100 elementor-top-column elementor-element elementor-element-bd66229\" data-id=\"bd66229\" data-element_type=\"column\">\n\t\t\t<div class=\"elementor-widget-wrap elementor-element-populated\">\n\t\t\t\t\t\t<div class=\"elementor-element elementor-element-25e1f83 elementor-widget elementor-widget-heading\" data-id=\"25e1f83\" data-element_type=\"widget\" data-settings=\"{&quot;_animation_laptop&quot;:&quot;fadeInUp&quot;}\" data-widget_type=\"heading.default\">\n\t\t\t\t<div class=\"elementor-widget-container\">\n\t\t\t<h2 class=\"elementor-heading-title elementor-size-default\">Le bodywarmer softshell : l\u2019alternative sans manche\n<\/h2>\t\t<\/div>\n\t\t\t\t<\/div>\n\t\t\t\t<div class=\"elementor-element elementor-element-078c393 elementor-widget-divider--view-line elementor-widget elementor-widget-divider\" data-id=\"078c393\" data-element_type=\"widget\" data-settings=\"{&quot;_animation_laptop&quot;:&quot;fadeInUp&quot;}\" data-widget_type=\"divider.default\">\n\t\t\t\t<div class=\"elementor-widget-container\">\n\t\t\t\t\t<div class=\"elementor-divider\">\n\t\t\t<span class=\"elementor-divider-separator\">\n\t\t\t\t\t\t<\/span>\n\t\t<\/div>\n\t\t\t\t<\/div>\n\t\t\t\t<\/div>\n\t\t\t\t<section class=\"elementor-section elementor-inner-section elementor-element elementor-element-d78fe1e elementor-section-boxed elementor-section-height-default elementor-section-height-default\" data-id=\"d78fe1e\" data-element_type=\"section\">\n\t\t\t\t\t\t<div class=\"elementor-container elementor-column-gap-default\">\n\t\t\t\t\t<div class=\"elementor-column elementor-col-50 elementor-inner-column elementor-element elementor-element-8071eaa\" data-id=\"8071eaa\" data-element_type=\"column\" data-settings=\"{&quot;animation_laptop&quot;:&quot;fadeInLeft&quot;}\">\n\t\t\t<div class=\"elementor-widget-wrap elementor-element-populated\">\n\t\t\t\t\t\t<div class=\"elementor-element elementor-element-fe2e535 elementor-widget elementor-widget-text-editor\" data-id=\"fe2e535\" data-element_type=\"widget\" data-widget_type=\"text-editor.default\">\n\t\t\t\t<div class=\"elementor-widget-container\">\n\t\t\t\t\t\t\t<p><span style=\"font-weight: 400;\">Pour les environnements o\u00f9 la libert\u00e9 de mouvement est essentielle, le bodywarmer est une solution id\u00e9ale. Le bodywarmer softshell conserve les m\u00eames qualit\u00e9s d\u2019isolation et de r\u00e9sistance que la veste, mais offre une <strong>meilleure ventilation<\/strong> et un <strong>confort accru<\/strong> pour les activit\u00e9s dynamiques ou les <strong>saisons interm\u00e9diaires<\/strong>.<\/span><span style=\"font-weight: 400;\"><br \/><\/span><span style=\"font-weight: 400;\"><br \/><\/span><span style=\"font-weight: 400;\">Tr\u00e8s appr\u00e9ci\u00e9 des \u00e9quipes de logistique, des livreurs ou des techniciens, il permet de rester prot\u00e9g\u00e9 tout en gardant une r\u00e9elle mobilit\u00e9.<\/span><\/p>\t\t\t\t\t\t<\/div>\n\t\t\t\t<\/div>\n\t\t\t\t<div class=\"elementor-element elementor-element-98351dc link-a elementor-widget elementor-widget-button\" data-id=\"98351dc\" data-element_type=\"widget\" data-widget_type=\"button.default\">\n\t\t\t\t<div class=\"elementor-widget-container\">\n\t\t\t\t\t\t\t<div class=\"elementor-button-wrapper\">\n\t\t\t\t\t<a class=\"elementor-button elementor-button-link elementor-size-md\" href=\"https:\/\/www.textifab.com\/fr\/contact-us\/\">\n\t\t\t\t\t\t<span class=\"elementor-button-content-wrapper\">\n\t\t\t\t\t\t<span class=\"elementor-button-icon\">\n\t\t\t\t<svg xmlns=\"http:\/\/www.w3.org\/2000\/svg\" width=\"24.869\" height=\"24.869\" viewBox=\"0 0 24.869 24.869\"><path id=\"ee8974e7d11354757fab2cfceac25bf3\" d=\"M28.432,16A12.435,12.435,0,1,1,16,28.437,12.435,12.435,0,0,1,28.432,16Zm-6.1,12.953h10.9l-3.672,3.5a.518.518,0,0,0,.715.75l4.609-4.392.009-.009.017-.018a.515.515,0,0,0,.12-.224c0-.015.007-.03.009-.045a.5.5,0,0,0,0-.158.408.408,0,0,0-.009-.045.515.515,0,0,0-.12-.224l-.017-.018-.009-.009L30.277,23.67a.518.518,0,1,0-.715.75l3.672,3.5h-10.9a.518.518,0,1,0,0,1.036Z\" transform=\"translate(-15.997 -16.002)\" fill=\"#ef5a38\"><\/path><\/svg>\t\t\t<\/span>\n\t\t\t\t\t\t\t\t\t<span class=\"elementor-button-text\">Travaillons ensemble!<\/span>\n\t\t\t\t\t<\/span>\n\t\t\t\t\t<\/a>\n\t\t\t\t<\/div>\n\t\t\t\t\t\t<\/div>\n\t\t\t\t<\/div>\n\t\t\t\t\t<\/div>\n\t\t<\/div>\n\t\t\t\t<div class=\"elementor-column elementor-col-50 elementor-inner-column elementor-element elementor-element-8c565bd\" data-id=\"8c565bd\" data-element_type=\"column\" data-settings=\"{&quot;animation_laptop&quot;:&quot;fadeInRight&quot;}\">\n\t\t\t<div class=\"elementor-widget-wrap elementor-element-populated\">\n\t\t\t\t\t\t<div class=\"elementor-element elementor-element-fa5028c elementor-widget elementor-widget-image\" data-id=\"fa5028c\" data-element_type=\"widget\" data-widget_type=\"image.default\">\n\t\t\t\t<div class=\"elementor-widget-container\">\n\t\t\t\t\t\t\t\t\t\t\t\t\t<img decoding=\"async\" width=\"1024\" height=\"626\" src=\"https:\/\/www.textifab.com\/wp-content\/uploads\/2025\/10\/bodywarmer-1024x626.png\" class=\"attachment-large size-large wp-image-6131\" alt=\"\" srcset=\"https:\/\/www.textifab.com\/wp-content\/uploads\/2025\/10\/bodywarmer-1024x626.png 1024w, https:\/\/www.textifab.com\/wp-content\/uploads\/2025\/10\/bodywarmer-300x183.png 300w, https:\/\/www.textifab.com\/wp-content\/uploads\/2025\/10\/bodywarmer-768x470.png 768w, https:\/\/www.textifab.com\/wp-content\/uploads\/2025\/10\/bodywarmer.png 1413w\" sizes=\"(max-width: 1024px) 100vw, 1024px\" \/>\t\t\t\t\t\t\t\t\t\t\t\t\t<\/div>\n\t\t\t\t<\/div>\n\t\t\t\t\t<\/div>\n\t\t<\/div>\n\t\t\t\t\t<\/div>\n\t\t<\/section>\n\t\t\t\t\t<\/div>\n\t\t<\/div>\n\t\t\t\t\t<\/div>\n\t\t<\/section>\n\t\t\t\t<section class=\"elementor-section elementor-top-section elementor-element elementor-element-fd68d3d elementor-section-boxed elementor-section-height-default elementor-section-height-default\" data-id=\"fd68d3d\" data-element_type=\"section\" data-settings=\"{&quot;background_background&quot;:&quot;classic&quot;}\">\n\t\t\t\t\t\t\t<div class=\"elementor-background-overlay\"><\/div>\n\t\t\t\t\t\t\t<div class=\"elementor-container elementor-column-gap-default\">\n\t\t\t\t\t<div class=\"elementor-column elementor-col-100 elementor-top-column elementor-element elementor-element-a13aeec\" data-id=\"a13aeec\" data-element_type=\"column\">\n\t\t\t<div class=\"elementor-widget-wrap elementor-element-populated\">\n\t\t\t\t\t\t<div class=\"elementor-element elementor-element-ae2a25e elementor-widget elementor-widget-heading\" data-id=\"ae2a25e\" data-element_type=\"widget\" data-settings=\"{&quot;_animation_laptop&quot;:&quot;fadeInUp&quot;}\" data-widget_type=\"heading.default\">\n\t\t\t\t<div class=\"elementor-widget-container\">\n\t\t\t<h2 class=\"elementor-heading-title elementor-size-default\">Exemples de r\u00e9alisations sign\u00e9es Textifab<\/h2>\t\t<\/div>\n\t\t\t\t<\/div>\n\t\t\t\t<div class=\"elementor-element elementor-element-16f9903 elementor-widget-divider--view-line elementor-widget elementor-widget-divider\" data-id=\"16f9903\" data-element_type=\"widget\" data-settings=\"{&quot;_animation_laptop&quot;:&quot;fadeInUp&quot;}\" data-widget_type=\"divider.default\">\n\t\t\t\t<div class=\"elementor-widget-container\">\n\t\t\t\t\t<div class=\"elementor-divider\">\n\t\t\t<span class=\"elementor-divider-separator\">\n\t\t\t\t\t\t<\/span>\n\t\t<\/div>\n\t\t\t\t<\/div>\n\t\t\t\t<\/div>\n\t\t\t\t<section class=\"elementor-section elementor-inner-section elementor-element elementor-element-115e48a elementor-section-boxed elementor-section-height-default elementor-section-height-default\" data-id=\"115e48a\" data-element_type=\"section\" data-settings=\"{&quot;animation_laptop&quot;:&quot;fadeInUp&quot;}\">\n\t\t\t\t\t\t<div class=\"elementor-container elementor-column-gap-default\">\n\t\t\t\t\t<div class=\"elementor-column elementor-col-100 elementor-inner-column elementor-element elementor-element-bceea29\" data-id=\"bceea29\" data-element_type=\"column\">\n\t\t\t<div class=\"elementor-widget-wrap elementor-element-populated\">\n\t\t\t\t\t\t<div class=\"elementor-element elementor-element-09f1dea elementor-widget elementor-widget-text-editor\" data-id=\"09f1dea\" data-element_type=\"widget\" data-widget_type=\"text-editor.default\">\n\t\t\t\t<div class=\"elementor-widget-container\">\n\t\t\t\t\t\t\t<p><span style=\"font-weight: 400;\">Textifab accompagne des entreprises de tous secteurs dans la cr\u00e9ation de leur veste softshell personnalisable. Voici quelques projets inspirants :<\/span><\/p><ul><li style=\"font-weight: 400;\" aria-level=\"1\"><b>Logispeed<\/b><span style=\"font-weight: 400;\"> : soci\u00e9t\u00e9 de transport souhaitant une veste softshell bleue Pantone avec bandes r\u00e9fl\u00e9chissantes 3M pour garantir la visibilit\u00e9 de ses livreurs. R\u00e9sultat : une veste 3 couches, respirante et r\u00e9sistante aux intemp\u00e9ries, marqu\u00e9e du logo sur la poitrine et dans le dos.<\/span><span style=\"font-weight: 400;\"><br \/><\/span><\/li><li style=\"font-weight: 400;\" aria-level=\"1\"><b>B\u00e2tiPro Solutions<\/b><span style=\"font-weight: 400;\"> : distributeur d\u2019\u00e9quipements pour le b\u00e2timent \u00e0 la recherche d\u2019un mod\u00e8le technique et \u00e9conomique. Nous avons d\u00e9velopp\u00e9 une gamme en marque distributeur, id\u00e9ale pour une utilisation quotidienne par les \u00e9quipes terrain.<\/span><span style=\"font-weight: 400;\"><br \/><\/span><\/li><li style=\"font-weight: 400;\" aria-level=\"1\"><b>AgriTech France<\/b><span style=\"font-weight: 400;\"> : marque agricole premium d\u00e9sireuse d\u2019int\u00e9grer une veste haut de gamme \u00e0 sa boutique. Le projet a donn\u00e9 naissance \u00e0 une softshell en RPET (mati\u00e8re recycl\u00e9e) avec broderies \u00e9l\u00e9gantes, parfaitement align\u00e9e avec leur d\u00e9marche RSE.<\/span><span style=\"font-weight: 400;\"><br \/><\/span><\/li><li style=\"font-weight: 400;\" aria-level=\"1\"><b>FroidExpress<\/b><span style=\"font-weight: 400;\"> : sp\u00e9cialiste de la livraison de surgel\u00e9s, confront\u00e9 \u00e0 des parkas trop lourdes et peu respirantes. Nous avons con\u00e7u une softshell 3 couches plus l\u00e9g\u00e8re, \u00e9quip\u00e9e de bandes r\u00e9fl\u00e9chissantes pour am\u00e9liorer le confort et la s\u00e9curit\u00e9 des livreurs.<\/span><span style=\"font-weight: 400;\"><br \/><\/span><\/li><\/ul><p><span style=\"font-weight: 400;\">Ces exemples vari\u00e9s prouvent que la veste softshell s\u2019adapte \u00e0 tous les univers, du secteur industriel aux marques lifestyle.<\/span><\/p>\t\t\t\t\t\t<\/div>\n\t\t\t\t<\/div>\n\t\t\t\t<div class=\"elementor-element elementor-element-f159f28 link-a elementor-widget elementor-widget-button\" data-id=\"f159f28\" data-element_type=\"widget\" data-widget_type=\"button.default\">\n\t\t\t\t<div class=\"elementor-widget-container\">\n\t\t\t\t\t\t\t<div class=\"elementor-button-wrapper\">\n\t\t\t\t\t<a class=\"elementor-button elementor-button-link elementor-size-md\" href=\"https:\/\/www.textifab.com\/fr\/contact-us\/\">\n\t\t\t\t\t\t<span class=\"elementor-button-content-wrapper\">\n\t\t\t\t\t\t<span class=\"elementor-button-icon\">\n\t\t\t\t<svg xmlns=\"http:\/\/www.w3.org\/2000\/svg\" width=\"24.869\" height=\"24.869\" viewBox=\"0 0 24.869 24.869\"><path id=\"ee8974e7d11354757fab2cfceac25bf3\" d=\"M28.432,16A12.435,12.435,0,1,1,16,28.437,12.435,12.435,0,0,1,28.432,16Zm-6.1,12.953h10.9l-3.672,3.5a.518.518,0,0,0,.715.75l4.609-4.392.009-.009.017-.018a.515.515,0,0,0,.12-.224c0-.015.007-.03.009-.045a.5.5,0,0,0,0-.158.408.408,0,0,0-.009-.045.515.515,0,0,0-.12-.224l-.017-.018-.009-.009L30.277,23.67a.518.518,0,1,0-.715.75l3.672,3.5h-10.9a.518.518,0,1,0,0,1.036Z\" transform=\"translate(-15.997 -16.002)\" fill=\"#ef5a38\"><\/path><\/svg>\t\t\t<\/span>\n\t\t\t\t\t\t\t\t\t<span class=\"elementor-button-text\">Travaillons ensemble!<\/span>\n\t\t\t\t\t<\/span>\n\t\t\t\t\t<\/a>\n\t\t\t\t<\/div>\n\t\t\t\t\t\t<\/div>\n\t\t\t\t<\/div>\n\t\t\t\t\t<\/div>\n\t\t<\/div>\n\t\t\t\t\t<\/div>\n\t\t<\/section>\n\t\t\t\t\t<\/div>\n\t\t<\/div>\n\t\t\t\t\t<\/div>\n\t\t<\/section>\n\t\t\t\t<section class=\"elementor-section elementor-top-section elementor-element elementor-element-7091836 elementor-section-boxed elementor-section-height-default elementor-section-height-default\" data-id=\"7091836\" data-element_type=\"section\">\n\t\t\t\t\t\t<div class=\"elementor-container elementor-column-gap-default\">\n\t\t\t\t\t<div class=\"elementor-column elementor-col-100 elementor-top-column elementor-element elementor-element-7229490\" data-id=\"7229490\" data-element_type=\"column\">\n\t\t\t<div class=\"elementor-widget-wrap elementor-element-populated\">\n\t\t\t\t\t\t<div class=\"elementor-element elementor-element-5922c0b elementor-widget elementor-widget-heading\" data-id=\"5922c0b\" data-element_type=\"widget\" data-settings=\"{&quot;_animation_laptop&quot;:&quot;fadeInUp&quot;}\" data-widget_type=\"heading.default\">\n\t\t\t\t<div class=\"elementor-widget-container\">\n\t\t\t<h2 class=\"elementor-heading-title elementor-size-default\">Textifab, votre partenaire pour des vestes softshells de qualit\u00e9 premium<\/h2>\t\t<\/div>\n\t\t\t\t<\/div>\n\t\t\t\t<div class=\"elementor-element elementor-element-e87d078 elementor-widget-divider--view-line elementor-widget elementor-widget-divider\" data-id=\"e87d078\" data-element_type=\"widget\" data-settings=\"{&quot;_animation_laptop&quot;:&quot;fadeInUp&quot;}\" data-widget_type=\"divider.default\">\n\t\t\t\t<div class=\"elementor-widget-container\">\n\t\t\t\t\t<div class=\"elementor-divider\">\n\t\t\t<span class=\"elementor-divider-separator\">\n\t\t\t\t\t\t<\/span>\n\t\t<\/div>\n\t\t\t\t<\/div>\n\t\t\t\t<\/div>\n\t\t\t\t\t<\/div>\n\t\t<\/div>\n\t\t\t\t\t<\/div>\n\t\t<\/section>\n\t\t\t\t<section class=\"elementor-section elementor-top-section elementor-element elementor-element-51e0929 elementor-section-boxed elementor-section-height-default elementor-section-height-default\" data-id=\"51e0929\" data-element_type=\"section\">\n\t\t\t\t\t\t<div class=\"elementor-container elementor-column-gap-default\">\n\t\t\t\t\t<div class=\"elementor-column elementor-col-50 elementor-top-column elementor-element elementor-element-41503eb\" data-id=\"41503eb\" data-element_type=\"column\">\n\t\t\t<div class=\"elementor-widget-wrap elementor-element-populated\">\n\t\t\t\t\t\t<section class=\"elementor-section elementor-inner-section elementor-element elementor-element-83a6866 elementor-section-boxed elementor-section-height-default elementor-section-height-default\" data-id=\"83a6866\" data-element_type=\"section\">\n\t\t\t\t\t\t<div class=\"elementor-container elementor-column-gap-default\">\n\t\t\t\t\t<div class=\"elementor-column elementor-col-100 elementor-inner-column elementor-element elementor-element-244429a\" data-id=\"244429a\" data-element_type=\"column\" data-settings=\"{&quot;animation_laptop&quot;:&quot;fadeInLeft&quot;}\">\n\t\t\t<div class=\"elementor-widget-wrap elementor-element-populated\">\n\t\t\t\t\t\t<div class=\"elementor-element elementor-element-f9a1a11 elementor-widget elementor-widget-text-editor\" data-id=\"f9a1a11\" data-element_type=\"widget\" data-widget_type=\"text-editor.default\">\n\t\t\t\t<div class=\"elementor-widget-container\">\n\t\t\t\t\t\t\t<p><span style=\"font-weight: 400;\">Notre \u00e9quipe accompagne chaque projet de la conception au marquage, en veillant au respect de vos contraintes techniques, esth\u00e9tiques et budg\u00e9taires. Nous s\u00e9lectionnons les mat\u00e9riaux les plus adapt\u00e9s, proposons des prototypes pour validation et garantissons une production de qualit\u00e9 professionnelle.<\/span><\/p><p><span style=\"font-weight: 400;\">Nos vestes sont fabriqu\u00e9es <\/span><b>dans des usines audit\u00e9es en Asie ou en Turquie<\/b><span style=\"font-weight: 400;\">, assurant un contr\u00f4le qualit\u00e9 rigoureux et la possibilit\u00e9 d\u2019une <\/span><b>production proche Europe<\/b><span style=\"font-weight: 400;\"> pour r\u00e9duire les d\u00e9lais et l\u2019empreinte carbone.<\/span><\/p><p><span style=\"font-weight: 400;\">Vous \u00eates \u00e0 la recherche d\u2019une veste softshell personnalis\u00e9e pour \u00e9quiper vos collaborateurs ou d\u2019un bodywarmer softshell \u00e0 personnaliser pour enrichir votre offre produit ? Textifab met son savoir-faire au service de votre marque.<\/span><span style=\"font-weight: 400;\"><br \/><\/span><\/p>\t\t\t\t\t\t<\/div>\n\t\t\t\t<\/div>\n\t\t\t\t<div class=\"elementor-element elementor-element-5c446f0 link-a elementor-widget elementor-widget-button\" data-id=\"5c446f0\" data-element_type=\"widget\" data-widget_type=\"button.default\">\n\t\t\t\t<div class=\"elementor-widget-container\">\n\t\t\t\t\t\t\t<div class=\"elementor-button-wrapper\">\n\t\t\t\t\t<a class=\"elementor-button elementor-button-link elementor-size-md\" href=\"https:\/\/www.textifab.com\/fr\/contact-us\/\">\n\t\t\t\t\t\t<span class=\"elementor-button-content-wrapper\">\n\t\t\t\t\t\t<span class=\"elementor-button-icon\">\n\t\t\t\t<svg xmlns=\"http:\/\/www.w3.org\/2000\/svg\" width=\"24.869\" height=\"24.869\" viewBox=\"0 0 24.869 24.869\"><path id=\"ee8974e7d11354757fab2cfceac25bf3\" d=\"M28.432,16A12.435,12.435,0,1,1,16,28.437,12.435,12.435,0,0,1,28.432,16Zm-6.1,12.953h10.9l-3.672,3.5a.518.518,0,0,0,.715.75l4.609-4.392.009-.009.017-.018a.515.515,0,0,0,.12-.224c0-.015.007-.03.009-.045a.5.5,0,0,0,0-.158.408.408,0,0,0-.009-.045.515.515,0,0,0-.12-.224l-.017-.018-.009-.009L30.277,23.67a.518.518,0,1,0-.715.75l3.672,3.5h-10.9a.518.518,0,1,0,0,1.036Z\" transform=\"translate(-15.997 -16.002)\" fill=\"#ef5a38\"><\/path><\/svg>\t\t\t<\/span>\n\t\t\t\t\t\t\t\t\t<span class=\"elementor-button-text\">Travaillons ensemble!<\/span>\n\t\t\t\t\t<\/span>\n\t\t\t\t\t<\/a>\n\t\t\t\t<\/div>\n\t\t\t\t\t\t<\/div>\n\t\t\t\t<\/div>\n\t\t\t\t\t<\/div>\n\t\t<\/div>\n\t\t\t\t\t<\/div>\n\t\t<\/section>\n\t\t\t\t\t<\/div>\n\t\t<\/div>\n\t\t\t\t<div class=\"elementor-column elementor-col-50 elementor-top-column elementor-element elementor-element-da0b954\" data-id=\"da0b954\" data-element_type=\"column\">\n\t\t\t<div class=\"elementor-widget-wrap elementor-element-populated\">\n\t\t\t\t\t\t<div class=\"elementor-element elementor-element-6fa9a11 elementor-widget elementor-widget-image\" data-id=\"6fa9a11\" data-element_type=\"widget\" data-widget_type=\"image.default\">\n\t\t\t\t<div class=\"elementor-widget-container\">\n\t\t\t\t\t\t\t\t\t\t\t\t\t<img decoding=\"async\" width=\"1000\" height=\"563\" src=\"https:\/\/www.textifab.com\/wp-content\/uploads\/2025\/10\/vestes-softshell-personnalisees-textifab.jpg\" class=\"attachment-large size-large wp-image-6133\" alt=\"\" srcset=\"https:\/\/www.textifab.com\/wp-content\/uploads\/2025\/10\/vestes-softshell-personnalisees-textifab.jpg 1000w, https:\/\/www.textifab.com\/wp-content\/uploads\/2025\/10\/vestes-softshell-personnalisees-textifab-300x169.jpg 300w, https:\/\/www.textifab.com\/wp-content\/uploads\/2025\/10\/vestes-softshell-personnalisees-textifab-768x432.jpg 768w\" sizes=\"(max-width: 1000px) 100vw, 1000px\" \/>\t\t\t\t\t\t\t\t\t\t\t\t\t<\/div>\n\t\t\t\t<\/div>\n\t\t\t\t\t<\/div>\n\t\t<\/div>\n\t\t\t\t\t<\/div>\n\t\t<\/section>\n\t\t\t\t<section class=\"elementor-section elementor-top-section elementor-element elementor-element-c11ab33 elementor-section-boxed elementor-section-height-default elementor-section-height-default\" data-id=\"c11ab33\" data-element_type=\"section\" data-settings=\"{&quot;background_background&quot;:&quot;classic&quot;}\">\n\t\t\t\t\t\t\t<div class=\"elementor-background-overlay\"><\/div>\n\t\t\t\t\t\t\t<div class=\"elementor-container elementor-column-gap-default\">\n\t\t\t\t\t<div class=\"elementor-column elementor-col-100 elementor-top-column elementor-element elementor-element-25e4379\" data-id=\"25e4379\" data-element_type=\"column\">\n\t\t\t<div class=\"elementor-widget-wrap elementor-element-populated\">\n\t\t\t\t\t\t<div class=\"elementor-element elementor-element-0d316fd elementor-widget elementor-widget-heading\" data-id=\"0d316fd\" data-element_type=\"widget\" data-settings=\"{&quot;_animation_laptop&quot;:&quot;fadeInUp&quot;}\" data-widget_type=\"heading.default\">\n\t\t\t\t<div class=\"elementor-widget-container\">\n\t\t\t<h2 class=\"elementor-heading-title elementor-size-default\">Pr\u00eat \u00e0 cr\u00e9er votre veste softshell sur mesure ?<\/h2>\t\t<\/div>\n\t\t\t\t<\/div>\n\t\t\t\t<section class=\"elementor-section elementor-inner-section elementor-element elementor-element-132a9a7 elementor-section-boxed elementor-section-height-default elementor-section-height-default\" data-id=\"132a9a7\" data-element_type=\"section\" data-settings=\"{&quot;animation_laptop&quot;:&quot;fadeInUp&quot;}\">\n\t\t\t\t\t\t<div class=\"elementor-container elementor-column-gap-default\">\n\t\t\t\t\t<div class=\"elementor-column elementor-col-100 elementor-inner-column elementor-element elementor-element-c7fc1be\" data-id=\"c7fc1be\" data-element_type=\"column\">\n\t\t\t<div class=\"elementor-widget-wrap elementor-element-populated\">\n\t\t\t\t\t\t<div class=\"elementor-element elementor-element-f16e204 elementor-widget elementor-widget-text-editor\" data-id=\"f16e204\" data-element_type=\"widget\" data-widget_type=\"text-editor.default\">\n\t\t\t\t<div class=\"elementor-widget-container\">\n\t\t\t\t\t\t\t<p><span style=\"font-weight: 400;\">Contactez-nous d\u00e8s aujourd\u2019hui pour discuter de votre projet et d\u00e9couvrir toutes les options de personnalisation disponibles, notamment nos <a href=\"https:\/\/www.textifab.com\/fr\/tee-shirt-technique-personnalise\/\">t-shirts techniques<\/a>, qui peuvent vous int\u00e9resser \u00e9galement ! Ensemble, transformons votre v\u00eatement technique en un outil de visibilit\u00e9 et d\u2019appartenance.<\/span><\/p>\t\t\t\t\t\t<\/div>\n\t\t\t\t<\/div>\n\t\t\t\t\t<\/div>\n\t\t<\/div>\n\t\t\t\t\t<\/div>\n\t\t<\/section>\n\t\t\t\t\t<\/div>\n\t\t<\/div>\n\t\t\t\t\t<\/div>\n\t\t<\/section>\n\t\t\t\t<\/div>\n\t\t","protected":false},"excerpt":{"rendered":"<p>Vestes softshellpersonnalisables La veste softshell personnalisable est devenue un incontournable pour toutes les entreprises qui souhaitent \u00e9quiper leurs employ\u00e9s de v\u00eatements techniques, esth\u00e9tiques et porteurs de leur identit\u00e9 visuelle. Souple, coupe-vent, respirante et r\u00e9sistante aux intemp\u00e9ries, la veste softshell se d\u00e9cline en une multitude de mod\u00e8les, de couleurs et de finitions pour r\u00e9pondre \u00e0 tous &hellip;<\/p>\n<p class=\"read-more\"> <a class=\"\" href=\"https:\/\/www.textifab.com\/fr\/veste-softshell-personnalisable\/\"> <span class=\"screen-reader-text\">veste softshell personnalisable<\/span> Lire la suite\u00a0\u00bb<\/a><\/p>\n","protected":false},"author":15,"featured_media":0,"parent":0,"menu_order":0,"comment_status":"closed","ping_status":"closed","template":"","meta":{"site-sidebar-layout":"no-sidebar","site-content-layout":"page-builder","ast-global-header-display":"","ast-main-header-display":"","ast-hfb-above-header-display":"","ast-hfb-below-header-display":"","ast-hfb-mobile-header-display":"","site-post-title":"disabled","ast-breadcrumbs-content":"","ast-featured-img":"disabled","footer-sml-layout":"","theme-transparent-header-meta":"","adv-header-id-meta":"","stick-header-meta":"","header-above-stick-meta":"","header-main-stick-meta":"","header-below-stick-meta":"","footnotes":""},"class_list":["post-6126","page","type-page","status-publish","hentry"],"yoast_head":"<!-- This site is optimized with the Yoast SEO Premium plugin v27.0 (Yoast SEO v27.2) - https:\/\/yoast.com\/product\/yoast-seo-premium-wordpress\/ -->\n<title>Vestes softshell personnalisables | Textifab<\/title>\n<meta name=\"description\" content=\"Textifab vous accompagne dans la cr\u00e9ation de vestes softshell personnalisables. Avec notre designer, cr\u00e9ez la veste parfaite ! Livraison rapide.\" \/>\n<meta name=\"robots\" content=\"index, follow, max-snippet:-1, max-image-preview:large, max-video-preview:-1\" \/>\n<link rel=\"canonical\" href=\"https:\/\/www.textifab.com\/fr\/veste-softshell-personnalisable\/\" \/>\n<meta property=\"og:locale\" content=\"fr_FR\" \/>\n<meta property=\"og:type\" content=\"article\" \/>\n<meta property=\"og:title\" content=\"veste softshell personnalisable\" \/>\n<meta property=\"og:description\" content=\"Textifab vous accompagne dans la cr\u00e9ation de vestes softshell personnalisables. Avec notre designer, cr\u00e9ez la veste parfaite ! Livraison rapide.\" \/>\n<meta property=\"og:url\" content=\"https:\/\/www.textifab.com\/fr\/veste-softshell-personnalisable\/\" \/>\n<meta property=\"og:site_name\" content=\"Textifab\" \/>\n<meta property=\"article:publisher\" content=\"https:\/\/www.facebook.com\/profile.php?id=100086633312534\" \/>\n<meta property=\"article:modified_time\" content=\"2025-11-21T15:04:42+00:00\" \/>\n<meta property=\"og:image\" content=\"https:\/\/www.textifab.com\/wp-content\/uploads\/2025\/09\/vestes-softshell-personnalisees-textifab-1.jpg\" \/>\n\t<meta property=\"og:image:width\" content=\"1620\" \/>\n\t<meta property=\"og:image:height\" content=\"1080\" \/>\n\t<meta property=\"og:image:type\" content=\"image\/jpeg\" \/>\n<meta name=\"twitter:card\" content=\"summary_large_image\" \/>\n<meta name=\"twitter:label1\" content=\"Dur\u00e9e de lecture estim\u00e9e\" \/>\n\t<meta name=\"twitter:data1\" content=\"5 minutes\" \/>\n<script type=\"application\/ld+json\" class=\"yoast-schema-graph\">{\"@context\":\"https:\/\/schema.org\",\"@graph\":[{\"@type\":\"WebPage\",\"@id\":\"https:\/\/www.textifab.com\/fr\/veste-softshell-personnalisable\/\",\"url\":\"https:\/\/www.textifab.com\/fr\/veste-softshell-personnalisable\/\",\"name\":\"Vestes softshell personnalisables | Textifab\",\"isPartOf\":{\"@id\":\"https:\/\/www.textifab.com\/fr\/#website\"},\"primaryImageOfPage\":{\"@id\":\"https:\/\/www.textifab.com\/fr\/veste-softshell-personnalisable\/#primaryimage\"},\"image\":{\"@id\":\"https:\/\/www.textifab.com\/fr\/veste-softshell-personnalisable\/#primaryimage\"},\"thumbnailUrl\":\"https:\/\/www.textifab.com\/wp-content\/uploads\/2025\/09\/vestes-softshell-personnalisees-textifab-1-1024x683.jpg\",\"datePublished\":\"2025-10-20T14:27:40+00:00\",\"dateModified\":\"2025-11-21T15:04:42+00:00\",\"description\":\"Textifab vous accompagne dans la cr\u00e9ation de vestes softshell personnalisables. Avec notre designer, cr\u00e9ez la veste parfaite ! Livraison rapide.\",\"breadcrumb\":{\"@id\":\"https:\/\/www.textifab.com\/fr\/veste-softshell-personnalisable\/#breadcrumb\"},\"inLanguage\":\"fr-FR\",\"potentialAction\":[{\"@type\":\"ReadAction\",\"target\":[\"https:\/\/www.textifab.com\/fr\/veste-softshell-personnalisable\/\"]}]},{\"@type\":\"ImageObject\",\"inLanguage\":\"fr-FR\",\"@id\":\"https:\/\/www.textifab.com\/fr\/veste-softshell-personnalisable\/#primaryimage\",\"url\":\"https:\/\/www.textifab.com\/wp-content\/uploads\/2025\/09\/vestes-softshell-personnalisees-textifab-1-1024x683.jpg\",\"contentUrl\":\"https:\/\/www.textifab.com\/wp-content\/uploads\/2025\/09\/vestes-softshell-personnalisees-textifab-1-1024x683.jpg\"},{\"@type\":\"BreadcrumbList\",\"@id\":\"https:\/\/www.textifab.com\/fr\/veste-softshell-personnalisable\/#breadcrumb\",\"itemListElement\":[{\"@type\":\"ListItem\",\"position\":1,\"name\":\"Home\",\"item\":\"https:\/\/www.textifab.com\/fr\/\"},{\"@type\":\"ListItem\",\"position\":2,\"name\":\"veste softshell personnalisable\"}]},{\"@type\":\"WebSite\",\"@id\":\"https:\/\/www.textifab.com\/fr\/#website\",\"url\":\"https:\/\/www.textifab.com\/fr\/\",\"name\":\"Textifab\",\"description\":\"\",\"publisher\":{\"@id\":\"https:\/\/www.textifab.com\/fr\/#organization\"},\"potentialAction\":[{\"@type\":\"SearchAction\",\"target\":{\"@type\":\"EntryPoint\",\"urlTemplate\":\"https:\/\/www.textifab.com\/fr\/?s={search_term_string}\"},\"query-input\":{\"@type\":\"PropertyValueSpecification\",\"valueRequired\":true,\"valueName\":\"search_term_string\"}}],\"inLanguage\":\"fr-FR\"},{\"@type\":\"Organization\",\"@id\":\"https:\/\/www.textifab.com\/fr\/#organization\",\"name\":\"Textifab\",\"url\":\"https:\/\/www.textifab.com\/fr\/\",\"logo\":{\"@type\":\"ImageObject\",\"inLanguage\":\"fr-FR\",\"@id\":\"https:\/\/www.textifab.com\/fr\/#\/schema\/logo\/image\/\",\"url\":\"https:\/\/www.textifab.com\/wp-content\/uploads\/2023\/02\/Group-26-pzwpbkch5vpvsfzpl8id9b23kjljzvegpbq58orjcg-e1675918331862.png\",\"contentUrl\":\"https:\/\/www.textifab.com\/wp-content\/uploads\/2023\/02\/Group-26-pzwpbkch5vpvsfzpl8id9b23kjljzvegpbq58orjcg-e1675918331862.png\",\"width\":242,\"height\":56,\"caption\":\"Textifab\"},\"image\":{\"@id\":\"https:\/\/www.textifab.com\/fr\/#\/schema\/logo\/image\/\"},\"sameAs\":[\"https:\/\/www.facebook.com\/profile.php?id=100086633312534\",\"https:\/\/www.instagram.com\/textifab\"]}]}<\/script>\n<!-- \/ Yoast SEO Premium plugin. -->","yoast_head_json":{"title":"Vestes softshell personnalisables | Textifab","description":"Textifab vous accompagne dans la cr\u00e9ation de vestes softshell personnalisables. Avec notre designer, cr\u00e9ez la veste parfaite ! Livraison rapide.","robots":{"index":"index","follow":"follow","max-snippet":"max-snippet:-1","max-image-preview":"max-image-preview:large","max-video-preview":"max-video-preview:-1"},"canonical":"https:\/\/www.textifab.com\/fr\/veste-softshell-personnalisable\/","og_locale":"fr_FR","og_type":"article","og_title":"veste softshell personnalisable","og_description":"Textifab vous accompagne dans la cr\u00e9ation de vestes softshell personnalisables. Avec notre designer, cr\u00e9ez la veste parfaite ! Livraison rapide.","og_url":"https:\/\/www.textifab.com\/fr\/veste-softshell-personnalisable\/","og_site_name":"Textifab","article_publisher":"https:\/\/www.facebook.com\/profile.php?id=100086633312534","article_modified_time":"2025-11-21T15:04:42+00:00","og_image":[{"width":1620,"height":1080,"url":"https:\/\/www.textifab.com\/wp-content\/uploads\/2025\/09\/vestes-softshell-personnalisees-textifab-1.jpg","type":"image\/jpeg"}],"twitter_card":"summary_large_image","twitter_misc":{"Dur\u00e9e de lecture estim\u00e9e":"5 minutes"},"schema":{"@context":"https:\/\/schema.org","@graph":[{"@type":"WebPage","@id":"https:\/\/www.textifab.com\/fr\/veste-softshell-personnalisable\/","url":"https:\/\/www.textifab.com\/fr\/veste-softshell-personnalisable\/","name":"Vestes softshell personnalisables | Textifab","isPartOf":{"@id":"https:\/\/www.textifab.com\/fr\/#website"},"primaryImageOfPage":{"@id":"https:\/\/www.textifab.com\/fr\/veste-softshell-personnalisable\/#primaryimage"},"image":{"@id":"https:\/\/www.textifab.com\/fr\/veste-softshell-personnalisable\/#primaryimage"},"thumbnailUrl":"https:\/\/www.textifab.com\/wp-content\/uploads\/2025\/09\/vestes-softshell-personnalisees-textifab-1-1024x683.jpg","datePublished":"2025-10-20T14:27:40+00:00","dateModified":"2025-11-21T15:04:42+00:00","description":"Textifab vous accompagne dans la cr\u00e9ation de vestes softshell personnalisables. Avec notre designer, cr\u00e9ez la veste parfaite ! Livraison rapide.","breadcrumb":{"@id":"https:\/\/www.textifab.com\/fr\/veste-softshell-personnalisable\/#breadcrumb"},"inLanguage":"fr-FR","potentialAction":[{"@type":"ReadAction","target":["https:\/\/www.textifab.com\/fr\/veste-softshell-personnalisable\/"]}]},{"@type":"ImageObject","inLanguage":"fr-FR","@id":"https:\/\/www.textifab.com\/fr\/veste-softshell-personnalisable\/#primaryimage","url":"https:\/\/www.textifab.com\/wp-content\/uploads\/2025\/09\/vestes-softshell-personnalisees-textifab-1-1024x683.jpg","contentUrl":"https:\/\/www.textifab.com\/wp-content\/uploads\/2025\/09\/vestes-softshell-personnalisees-textifab-1-1024x683.jpg"},{"@type":"BreadcrumbList","@id":"https:\/\/www.textifab.com\/fr\/veste-softshell-personnalisable\/#breadcrumb","itemListElement":[{"@type":"ListItem","position":1,"name":"Home","item":"https:\/\/www.textifab.com\/fr\/"},{"@type":"ListItem","position":2,"name":"veste softshell personnalisable"}]},{"@type":"WebSite","@id":"https:\/\/www.textifab.com\/fr\/#website","url":"https:\/\/www.textifab.com\/fr\/","name":"Textifab","description":"","publisher":{"@id":"https:\/\/www.textifab.com\/fr\/#organization"},"potentialAction":[{"@type":"SearchAction","target":{"@type":"EntryPoint","urlTemplate":"https:\/\/www.textifab.com\/fr\/?s={search_term_string}"},"query-input":{"@type":"PropertyValueSpecification","valueRequired":true,"valueName":"search_term_string"}}],"inLanguage":"fr-FR"},{"@type":"Organization","@id":"https:\/\/www.textifab.com\/fr\/#organization","name":"Textifab","url":"https:\/\/www.textifab.com\/fr\/","logo":{"@type":"ImageObject","inLanguage":"fr-FR","@id":"https:\/\/www.textifab.com\/fr\/#\/schema\/logo\/image\/","url":"https:\/\/www.textifab.com\/wp-content\/uploads\/2023\/02\/Group-26-pzwpbkch5vpvsfzpl8id9b23kjljzvegpbq58orjcg-e1675918331862.png","contentUrl":"https:\/\/www.textifab.com\/wp-content\/uploads\/2023\/02\/Group-26-pzwpbkch5vpvsfzpl8id9b23kjljzvegpbq58orjcg-e1675918331862.png","width":242,"height":56,"caption":"Textifab"},"image":{"@id":"https:\/\/www.textifab.com\/fr\/#\/schema\/logo\/image\/"},"sameAs":["https:\/\/www.facebook.com\/profile.php?id=100086633312534","https:\/\/www.instagram.com\/textifab"]}]}},"_links":{"self":[{"href":"https:\/\/www.textifab.com\/fr\/wp-json\/wp\/v2\/pages\/6126","targetHints":{"allow":["GET"]}}],"collection":[{"href":"https:\/\/www.textifab.com\/fr\/wp-json\/wp\/v2\/pages"}],"about":[{"href":"https:\/\/www.textifab.com\/fr\/wp-json\/wp\/v2\/types\/page"}],"author":[{"embeddable":true,"href":"https:\/\/www.textifab.com\/fr\/wp-json\/wp\/v2\/users\/15"}],"replies":[{"embeddable":true,"href":"https:\/\/www.textifab.com\/fr\/wp-json\/wp\/v2\/comments?post=6126"}],"version-history":[{"count":0,"href":"https:\/\/www.textifab.com\/fr\/wp-json\/wp\/v2\/pages\/6126\/revisions"}],"wp:attachment":[{"href":"https:\/\/www.textifab.com\/fr\/wp-json\/wp\/v2\/media?parent=6126"}],"curies":[{"name":"wp","href":"https:\/\/api.w.org\/{rel}","templated":true}]}}